{"id":6052,"date":"2022-06-27T15:34:40","date_gmt":"2022-06-27T15:34:40","guid":{"rendered":"https:\/\/appefilhos.pt\/?post_type=product&#038;p=6052"},"modified":"2022-12-05T17:40:28","modified_gmt":"2022-12-05T17:40:28","slug":"isovit-fibra","status":"publish","type":"product","link":"https:\/\/appefilhos.pt\/produto\/isovit-fibra\/","title":{"rendered":"ISOVIT FIBRA"},"content":{"rendered":"<p style=\"text-align: left;\">Argamassa fibro-refor\u00e7ada para a colagem e regulariza\u00e7\u00e3o superficial de placas de isolamento, em sistemas de isolamento t\u00e9rmico pelo exterior. Aplic\u00e1vel em obra nova e renova\u00e7\u00e3o de fachadas.<\/p>\n<ul>\n<li style=\"text-align: left;\">ELEVADA ADER\u00caNCIA<\/li>\n<li style=\"text-align: left;\">BAIXA ABSOR\u00c7\u00c3O CAPILAR<\/li>\n<li style=\"text-align: left;\">\u00d3TIMA TRABALHABILIDADE<\/li>\n<li style=\"text-align: left;\">ARGAMASSA FIBRO-REFOR\u00c7ADA<\/li>\n<\/ul>\n","protected":false},"excerpt":{"rendered":"<p>Argamassa fibro-refor\u00e7ada para a colagem e regulariza\u00e7\u00e3o superficial de placas de isolamento, em sistemas de isolamento t\u00e9rmico pelo exterior. Aplic\u00e1vel em obra nova e renova\u00e7\u00e3o de fachadas. ELEVADA ADER\u00caNCIA BAIXA ABSOR\u00c7\u00c3O CAPILAR \u00d3TIMA TRABALHABILIDADE ARGAMASSA FIBRO-REFOR\u00c7ADA<\/p>\n","protected":false},"featured_media":6067,"comment_status":"closed","ping_status":"closed","template":"","meta":[],"product_cat":[115],"product_tag":[121,116],"class_list":["post-6052","product","type-product","status-publish","has-post-thumbnail","hentry","product_cat-seciltek","product_tag-isovit-fibra","product_tag-seciltek"],"_links":{"self":[{"href":"https:\/\/appefilhos.pt\/wp-json\/wp\/v2\/product\/6052","targetHints":{"allow":["GET"]}}],"collection":[{"href":"https:\/\/appefilhos.pt\/wp-json\/wp\/v2\/product"}],"about":[{"href":"https:\/\/appefilhos.pt\/wp-json\/wp\/v2\/types\/product"}],"replies":[{"embeddable":true,"href":"https:\/\/appefilhos.pt\/wp-json\/wp\/v2\/comments?post=6052"}],"wp:featuredmedia":[{"embeddable":true,"href":"https:\/\/appefilhos.pt\/wp-json\/wp\/v2\/media\/6067"}],"wp:attachment":[{"href":"https:\/\/appefilhos.pt\/wp-json\/wp\/v2\/media?parent=6052"}],"wp:term":[{"taxonomy":"product_cat","embeddable":true,"href":"https:\/\/appefilhos.pt\/wp-json\/wp\/v2\/product_cat?post=6052"},{"taxonomy":"product_tag","embeddable":true,"href":"https:\/\/appefilhos.pt\/wp-json\/wp\/v2\/product_tag?post=6052"}],"curies":[{"name":"wp","href":"https:\/\/api.w.org\/{rel}","templated":true}]}}