{"id":6614,"date":"2022-12-28T15:37:46","date_gmt":"2022-12-28T15:37:46","guid":{"rendered":"https:\/\/appefilhos.pt\/?post_type=product&#038;p=6614"},"modified":"2022-12-28T16:09:07","modified_gmt":"2022-12-28T16:09:07","slug":"abobadilha","status":"publish","type":"product","link":"https:\/\/appefilhos.pt\/produto\/abobadilha\/","title":{"rendered":"Abobadilha"},"content":{"rendered":"<p>&nbsp;<\/p>\n<p style=\"text-align: left;\">Abobadilha<\/p>\n<ul>\n<li>A Abobadilha artebel\u00ae \u00e9 fabricada em bet\u00e3o leve de agregados de argila expandida (Leca\u00ae);<\/li>\n<li>A sua geometria (com uma % com fundos tapados) e o seu baixo peso pr\u00f3prio, reduzem o consumo de bet\u00e3o, facilitam o transporte, o manuseamento e a coloca\u00e7\u00e3o em obra;<\/li>\n<li>Destinada \u00e0 execu\u00e7\u00e3o de lajes tradicionais alijeiradas com vigotas pr\u00e9-esfor\u00e7adas.<\/li>\n<\/ul>\n<p>&nbsp;<\/p>\n<p style=\"text-align: left;\">Medidas:<\/p>\n<p style=\"text-align: left;\">38x23x16<\/p>\n<p style=\"text-align: left;\">38x23x12<\/p>\n<p style=\"text-align: left;\">48x23x12<\/p>\n","protected":false},"excerpt":{"rendered":"<p>&nbsp; Abobadilha A Abobadilha artebel\u00ae \u00e9 fabricada em bet\u00e3o leve de agregados de argila expandida (Leca\u00ae); A sua geometria (com uma % com fundos tapados) e o seu baixo peso pr\u00f3prio, reduzem o consumo de bet\u00e3o, facilitam o transporte, o manuseamento e a coloca\u00e7\u00e3o em obra; Destinada \u00e0 execu\u00e7\u00e3o de [&hellip;]<\/p>\n","protected":false},"featured_media":6617,"comment_status":"closed","ping_status":"closed","template":"","meta":[],"product_cat":[149],"product_tag":[152],"class_list":["post-6614","product","type-product","status-publish","has-post-thumbnail","hentry","product_cat-artebel","product_tag-abobadilha"],"_links":{"self":[{"href":"https:\/\/appefilhos.pt\/wp-json\/wp\/v2\/product\/6614","targetHints":{"allow":["GET"]}}],"collection":[{"href":"https:\/\/appefilhos.pt\/wp-json\/wp\/v2\/product"}],"about":[{"href":"https:\/\/appefilhos.pt\/wp-json\/wp\/v2\/types\/product"}],"replies":[{"embeddable":true,"href":"https:\/\/appefilhos.pt\/wp-json\/wp\/v2\/comments?post=6614"}],"wp:featuredmedia":[{"embeddable":true,"href":"https:\/\/appefilhos.pt\/wp-json\/wp\/v2\/media\/6617"}],"wp:attachment":[{"href":"https:\/\/appefilhos.pt\/wp-json\/wp\/v2\/media?parent=6614"}],"wp:term":[{"taxonomy":"product_cat","embeddable":true,"href":"https:\/\/appefilhos.pt\/wp-json\/wp\/v2\/product_cat?post=6614"},{"taxonomy":"product_tag","embeddable":true,"href":"https:\/\/appefilhos.pt\/wp-json\/wp\/v2\/product_tag?post=6614"}],"curies":[{"name":"wp","href":"https:\/\/api.w.org\/{rel}","templated":true}]}}